{"id":87,"date":"2023-11-25T13:36:43","date_gmt":"2023-11-25T12:36:43","guid":{"rendered":"http:\/\/airport.bialystok.pl\/?page_id=87"},"modified":"2023-11-25T15:35:51","modified_gmt":"2023-11-25T14:35:51","slug":"patron-lotniska","status":"publish","type":"page","link":"http:\/\/airport.bialystok.pl\/?page_id=87","title":{"rendered":"Patron Lotniska"},"content":{"rendered":"\n<p>= = = = W Y N I K I P L E B I S C Y T U = = = =<\/p>\n\n\n\n<p><img loading=\"lazy\" decoding=\"async\" height=\"16\" width=\"16\" alt=\"\u2139\ufe0f\" src=\"https:\/\/static.xx.fbcdn.net\/images\/emoji.php\/v9\/t8e\/1\/16\/2139.png\">Poni\u017cej przekazujemy oficjalne wyniki plebiscytu na patrona bia\u0142ostockiego lotniska.<\/p>\n\n\n\n<p><img loading=\"lazy\" decoding=\"async\" height=\"16\" width=\"16\" alt=\"\ud83d\udce3\" src=\"https:\/\/static.xx.fbcdn.net\/images\/emoji.php\/v9\/tba\/1\/16\/1f4e3.png\">Decyzj\u0105 os\u00f3b bior\u0105cych udzia\u0142 w konkursie na patrona bia\u0142ostockiego lotniska zosta\u0142 wybrany Ludwik ZAMENHOF.<\/p>\n\n\n\n<p><a href=\"https:\/\/pl.wikipedia.org\/wiki\/Ludwik_Zamenhof\">https:\/\/pl.wikipedia.org\/wiki\/Ludwik_Zamenhof<\/a><\/p>\n\n\n\n<p><img loading=\"lazy\" decoding=\"async\" height=\"16\" width=\"16\" alt=\"\ud83d\udc49\ud83c\udffb\" src=\"https:\/\/static.xx.fbcdn.net\/images\/emoji.php\/v9\/tc\/1\/16\/1f449_1f3fb.png\">Do ubieg\u0142ego czwartu, tj 31.08.2023 r. mo\u017cna by\u0142o g\u0142osowa\u0107 na kandydata na patrona bia\u0142ostockiego lotniska. G\u0142osowanie trwa\u0142o od 1 maja br. za po\u015brednictwem specjalnej ankiety na portalu Faceebook i by\u0142o zorganizowane przez Stowarzyszenie Port Lotniczy Bia\u0142ystok. Plebiscyt by\u0142 podzielony na 2 etapy. W trakcie trwania pierwszego, kt\u00f3ry trwa\u0142 do ko\u0144ca kwietnia br., mo\u017cna by\u0142o zg\u0142osi\u0107 propozycje z nazwiskami kandydat\u00f3w na patrona bia\u0142ostockiego lotniska. W drugiej cz\u0119\u015bci etapu konkursu mo\u017cna by\u0142o wybiera\u0107 spo\u015br\u00f3d 23 kandydat\u00f3w (1 kandydat zosta\u0142 dopisany do listy kandydat\u00f3w w trakcie trwania konkursu).<\/p>\n\n\n\n<p><img loading=\"lazy\" decoding=\"async\" height=\"16\" width=\"16\" alt=\"\u2139\ufe0f\" src=\"https:\/\/static.xx.fbcdn.net\/images\/emoji.php\/v9\/t8e\/1\/16\/2139.png\">Kandydaci, kt\u00f3rzy waliczyli o tytu\u0142 patrona bia\u0142ostockiego to: 1. Eugeniusz Becker ,2. Irena Bia\u0142\u00f3wna, 3. Jan Klemens Branicki, 4. Henryk Dobrza\u0144ski \u201eHubal\u201d, 5. Tomasz Frankowski, 6. Ryszard Kaczorowski, 7. Lech Kaczy\u0144ski, 8. Miko\u0142aj Kawelin, 9. Miko\u0142aj Kopernik, 10. Jerzy Maksymiuk, 11. Mieszko I, 12. Justyna Moniuszko, 13. Jan Pawe\u0142 II, 14. Izabela Scorupco, 15. Henryk Sienkiewicz, 16. Maria Sk\u0142odowska-Curie, 17. Jan III Sobieski, 18. Marian Szamatowicz, 19. Tadeusz Truskolaski, 20. Lech Wa\u0142\u0119sa, 21. Bracia Wright, 22. Ludwik Zamenhof oraz dopisany w trakcie g\u0142osowania 23. Jan Jagodzik (by\u0142y Prezes Aeroklubu Bia\u0142ostockiego).<\/p>\n\n\n\n<p><img loading=\"lazy\" decoding=\"async\" height=\"16\" width=\"16\" alt=\"\u2139\ufe0f\" src=\"https:\/\/static.xx.fbcdn.net\/images\/emoji.php\/v9\/t8e\/1\/16\/2139.png\">W trakcie trwania plebiscytu oddano ponad 68 tys. g\u0142os\u00f3w. Zdecydowana wi\u0119kszo\u015b\u0107 g\u0142os\u00f3w mieszka\u0144c\u00f3w wybra\u0142a Ludwika Zamenhofa (prawie 40% g\u0142os\u00f3w) i to on zdecydowanie wygra\u0142 plebiscyt na patrona bia\u0142ostockiego lotniska. \u017baden z pozosta\u0142ych kandydat\u00f3w nie przekroczy\u0142 10% g\u0142os\u00f3w og\u00f3\u0142em oddanych w g\u0142osowaniu. Oznacza to, \u017ce bia\u0142ostockie lotnisko powinno nosi\u0107 jego imi\u0119, tj. Port Lotniczy Bia\u0142ystok im. Ludwika Zamenhofa, a po angielsku Bia\u0142ystok Ludwik Zamenhof Airport.<\/p>\n\n\n\n<p><img loading=\"lazy\" decoding=\"async\" height=\"16\" width=\"16\" src=\"https:\/\/static.xx.fbcdn.net\/images\/emoji.php\/v9\/tc\/1\/16\/1f449_1f3fb.png\" alt=\"\ud83d\udc49\ud83c\udffb\">Wyniki plebiscytu zostan\u0105 przekazane w bie\u017c\u0105cym tygodniu przedstawicielom samorz\u0105du miejskiego oraz wojew\u00f3dzkiego, tj. Tadeusz Truskolaski oraz Marsza\u0142ek Artur Kosicki.<\/p>\n\n\n\n<p><img loading=\"lazy\" decoding=\"async\" height=\"16\" width=\"16\" src=\"https:\/\/static.xx.fbcdn.net\/images\/emoji.php\/v9\/tc\/1\/16\/1f449_1f3fb.png\" alt=\"\ud83d\udc49\ud83c\udffb\">Jestem przekonany, \u017ce wola mieszka\u0144c\u00f3w Bia\u0142egostoku oraz ca\u0142ego Podlasia wyra\u017cona w zako\u0144czonym plebiscycie zostanie uszanowana zar\u00f3wno przez jednego jak i drugiego polityka, a Port Lotniczy Bia\u0142ystok b\u0119dzie m\u00f3g\u0142 ju\u017c nied\u0142ugo pochwali\u0107 si\u0119 patronem w osobie wskazanego Zamenhofa. Do\u0142o\u017cymy ku temu stara\u0144 &#8211; podsumowa\u0142 plebiscyt Karol Halicki, prezes Zarz\u0105du Stowarzyszenia Port Lotniczy Bia\u0142ystok<\/p>\n\n\n\n<p><img loading=\"lazy\" decoding=\"async\" height=\"16\" width=\"16\" alt=\"\ud83d\udce3\" src=\"https:\/\/static.xx.fbcdn.net\/images\/emoji.php\/v9\/tba\/1\/16\/1f4e3.png\">Zapraszam Pa\u0144stwa do udzia\u0142u w kolejnych inicjatywach podejmowanych przez Stowarzyszenie Port Lotniczy Bia\u0142ystok oraz Podlask\u0105 Izb\u0119 Lotnicz\u0105.<\/p>\n\n\n\n<p>\/-\/ Karol Halicki<\/p>\n\n\n\n<p>Prezes Zarz\u0105du Stowarzyszenia<\/p>\n\n\n\n<p>Port Lotniczy Bia\u0142ystok<\/p>\n\n\n\n<p><\/p>\n","protected":false},"excerpt":{"rendered":"<p>= = = = W Y N I K I P L E B I S C Y T U = = = = Poni\u017cej przekazujemy oficjalne wyniki plebiscytu na patrona bia\u0142ostockiego lotniska. Decyzj\u0105 os\u00f3b bior\u0105cych udzia\u0142 w konkursie na patrona bia\u0142ostockiego lotniska zosta\u0142 wybrany Ludwik ZAMENHOF. https:\/\/pl.wikipedia.org\/wiki\/Ludwik_Zamenhof Do ubieg\u0142ego czwartu, tj 31.08.2023 r. mo\u017cna &hellip;<\/p>\n<p class=\"read-more\"> <a class=\"\" href=\"http:\/\/airport.bialystok.pl\/?page_id=87\"> <span class=\"screen-reader-text\">Patron Lotniska<\/span> Read More &raquo;<\/a><\/p>\n","protected":false},"author":1,"featured_media":0,"parent":0,"menu_order":0,"comment_status":"closed","ping_status":"closed","template":"","meta":{"site-sidebar-layout":"default","site-content-layout":"","ast-site-content-layout":"","site-content-style":"default","site-sidebar-style":"default","ast-global-header-display":"","ast-banner-title-visibility":"","ast-main-header-display":"","ast-hfb-above-header-display":"","ast-hfb-below-header-display":"","ast-hfb-mobile-header-display":"","site-post-title":"","ast-breadcrumbs-content":"","ast-featured-img":"","footer-sml-layout":"","theme-transparent-header-meta":"","adv-header-id-meta":"","stick-header-meta":"","header-above-stick-meta":"","header-main-stick-meta":"","header-below-stick-meta":"","astra-migrate-meta-layouts":"","footnotes":""},"class_list":["post-87","page","type-page","status-publish","hentry"],"yoast_head":"<!-- This site is optimized with the Yoast SEO plugin v21.3 - https:\/\/yoast.com\/wordpress\/plugins\/seo\/ -->\n<title>Patron Lotniska - wordpressplugins<\/title>\n<meta name=\"robots\" content=\"index, follow, max-snippet:-1, max-image-preview:large, max-video-preview:-1\" \/>\n<link rel=\"canonical\" href=\"http:\/\/airport.bialystok.pl\/?page_id=87\" \/>\n<meta property=\"og:locale\" content=\"en_US\" \/>\n<meta property=\"og:type\" content=\"article\" \/>\n<meta property=\"og:title\" content=\"Patron Lotniska - wordpressplugins\" \/>\n<meta property=\"og:description\" content=\"= = = = W Y N I K I P L E B I S C Y T U = = = = Poni\u017cej przekazujemy oficjalne wyniki plebiscytu na patrona bia\u0142ostockiego lotniska. Decyzj\u0105 os\u00f3b bior\u0105cych udzia\u0142 w konkursie na patrona bia\u0142ostockiego lotniska zosta\u0142 wybrany Ludwik ZAMENHOF. https:\/\/pl.wikipedia.org\/wiki\/Ludwik_Zamenhof Do ubieg\u0142ego czwartu, tj 31.08.2023 r. mo\u017cna &hellip; Patron Lotniska Read More &raquo;\" \/>\n<meta property=\"og:url\" content=\"http:\/\/airport.bialystok.pl\/?page_id=87\" \/>\n<meta property=\"og:site_name\" content=\"wordpressplugins\" \/>\n<meta property=\"article:modified_time\" content=\"2023-11-25T14:35:51+00:00\" \/>\n<meta property=\"og:image\" content=\"https:\/\/static.xx.fbcdn.net\/images\/emoji.php\/v9\/t8e\/1\/16\/2139.png\" \/>\n<meta name=\"twitter:card\" content=\"summary_large_image\" \/>\n<meta name=\"twitter:label1\" content=\"Est. reading time\" \/>\n\t<meta name=\"twitter:data1\" content=\"4 minutes\" \/>\n<script type=\"application\/ld+json\" class=\"yoast-schema-graph\">{\"@context\":\"https:\/\/schema.org\",\"@graph\":[{\"@type\":\"WebPage\",\"@id\":\"http:\/\/airport.bialystok.pl\/?page_id=87\",\"url\":\"http:\/\/airport.bialystok.pl\/?page_id=87\",\"name\":\"Patron Lotniska - wordpressplugins\",\"isPartOf\":{\"@id\":\"http:\/\/airport.bialystok.pl\/#website\"},\"datePublished\":\"2023-11-25T12:36:43+00:00\",\"dateModified\":\"2023-11-25T14:35:51+00:00\",\"breadcrumb\":{\"@id\":\"http:\/\/airport.bialystok.pl\/?page_id=87#breadcrumb\"},\"inLanguage\":\"en-US\",\"potentialAction\":[{\"@type\":\"ReadAction\",\"target\":[\"http:\/\/airport.bialystok.pl\/?page_id=87\"]}]},{\"@type\":\"BreadcrumbList\",\"@id\":\"http:\/\/airport.bialystok.pl\/?page_id=87#breadcrumb\",\"itemListElement\":[{\"@type\":\"ListItem\",\"position\":1,\"name\":\"Home\",\"item\":\"http:\/\/airport.bialystok.pl\/\"},{\"@type\":\"ListItem\",\"position\":2,\"name\":\"Patron Lotniska\"}]},{\"@type\":\"WebSite\",\"@id\":\"http:\/\/airport.bialystok.pl\/#website\",\"url\":\"http:\/\/airport.bialystok.pl\/\",\"name\":\"wordpressplugins\",\"description\":\"\",\"publisher\":{\"@id\":\"http:\/\/airport.bialystok.pl\/#organization\"},\"potentialAction\":[{\"@type\":\"SearchAction\",\"target\":{\"@type\":\"EntryPoint\",\"urlTemplate\":\"http:\/\/airport.bialystok.pl\/?s={search_term_string}\"},\"query-input\":\"required name=search_term_string\"}],\"inLanguage\":\"en-US\"},{\"@type\":\"Organization\",\"@id\":\"http:\/\/airport.bialystok.pl\/#organization\",\"name\":\"wordpressplugins\",\"url\":\"http:\/\/airport.bialystok.pl\/\",\"logo\":{\"@type\":\"ImageObject\",\"inLanguage\":\"en-US\",\"@id\":\"http:\/\/airport.bialystok.pl\/#\/schema\/logo\/image\/\",\"url\":\"http:\/\/airport.bialystok.pl\/wp-content\/uploads\/2023\/10\/cropped-cropped-322385023_1131724980848847_1548221548368249577_n-e1697380000241.jpg\",\"contentUrl\":\"http:\/\/airport.bialystok.pl\/wp-content\/uploads\/2023\/10\/cropped-cropped-322385023_1131724980848847_1548221548368249577_n-e1697380000241.jpg\",\"width\":371,\"height\":135,\"caption\":\"wordpressplugins\"},\"image\":{\"@id\":\"http:\/\/airport.bialystok.pl\/#\/schema\/logo\/image\/\"}}]}<\/script>\n<!-- \/ Yoast SEO plugin. -->","yoast_head_json":{"title":"Patron Lotniska - wordpressplugins","robots":{"index":"index","follow":"follow","max-snippet":"max-snippet:-1","max-image-preview":"max-image-preview:large","max-video-preview":"max-video-preview:-1"},"canonical":"http:\/\/airport.bialystok.pl\/?page_id=87","og_locale":"en_US","og_type":"article","og_title":"Patron Lotniska - wordpressplugins","og_description":"= = = = W Y N I K I P L E B I S C Y T U = = = = Poni\u017cej przekazujemy oficjalne wyniki plebiscytu na patrona bia\u0142ostockiego lotniska. Decyzj\u0105 os\u00f3b bior\u0105cych udzia\u0142 w konkursie na patrona bia\u0142ostockiego lotniska zosta\u0142 wybrany Ludwik ZAMENHOF. https:\/\/pl.wikipedia.org\/wiki\/Ludwik_Zamenhof Do ubieg\u0142ego czwartu, tj 31.08.2023 r. mo\u017cna &hellip; Patron Lotniska Read More &raquo;","og_url":"http:\/\/airport.bialystok.pl\/?page_id=87","og_site_name":"wordpressplugins","article_modified_time":"2023-11-25T14:35:51+00:00","og_image":[{"url":"https:\/\/static.xx.fbcdn.net\/images\/emoji.php\/v9\/t8e\/1\/16\/2139.png"}],"twitter_card":"summary_large_image","twitter_misc":{"Est. reading time":"4 minutes"},"schema":{"@context":"https:\/\/schema.org","@graph":[{"@type":"WebPage","@id":"http:\/\/airport.bialystok.pl\/?page_id=87","url":"http:\/\/airport.bialystok.pl\/?page_id=87","name":"Patron Lotniska - wordpressplugins","isPartOf":{"@id":"http:\/\/airport.bialystok.pl\/#website"},"datePublished":"2023-11-25T12:36:43+00:00","dateModified":"2023-11-25T14:35:51+00:00","breadcrumb":{"@id":"http:\/\/airport.bialystok.pl\/?page_id=87#breadcrumb"},"inLanguage":"en-US","potentialAction":[{"@type":"ReadAction","target":["http:\/\/airport.bialystok.pl\/?page_id=87"]}]},{"@type":"BreadcrumbList","@id":"http:\/\/airport.bialystok.pl\/?page_id=87#breadcrumb","itemListElement":[{"@type":"ListItem","position":1,"name":"Home","item":"http:\/\/airport.bialystok.pl\/"},{"@type":"ListItem","position":2,"name":"Patron Lotniska"}]},{"@type":"WebSite","@id":"http:\/\/airport.bialystok.pl\/#website","url":"http:\/\/airport.bialystok.pl\/","name":"wordpressplugins","description":"","publisher":{"@id":"http:\/\/airport.bialystok.pl\/#organization"},"potentialAction":[{"@type":"SearchAction","target":{"@type":"EntryPoint","urlTemplate":"http:\/\/airport.bialystok.pl\/?s={search_term_string}"},"query-input":"required name=search_term_string"}],"inLanguage":"en-US"},{"@type":"Organization","@id":"http:\/\/airport.bialystok.pl\/#organization","name":"wordpressplugins","url":"http:\/\/airport.bialystok.pl\/","logo":{"@type":"ImageObject","inLanguage":"en-US","@id":"http:\/\/airport.bialystok.pl\/#\/schema\/logo\/image\/","url":"http:\/\/airport.bialystok.pl\/wp-content\/uploads\/2023\/10\/cropped-cropped-322385023_1131724980848847_1548221548368249577_n-e1697380000241.jpg","contentUrl":"http:\/\/airport.bialystok.pl\/wp-content\/uploads\/2023\/10\/cropped-cropped-322385023_1131724980848847_1548221548368249577_n-e1697380000241.jpg","width":371,"height":135,"caption":"wordpressplugins"},"image":{"@id":"http:\/\/airport.bialystok.pl\/#\/schema\/logo\/image\/"}}]}},"_links":{"self":[{"href":"http:\/\/airport.bialystok.pl\/index.php?rest_route=\/wp\/v2\/pages\/87","targetHints":{"allow":["GET"]}}],"collection":[{"href":"http:\/\/airport.bialystok.pl\/index.php?rest_route=\/wp\/v2\/pages"}],"about":[{"href":"http:\/\/airport.bialystok.pl\/index.php?rest_route=\/wp\/v2\/types\/page"}],"author":[{"embeddable":true,"href":"http:\/\/airport.bialystok.pl\/index.php?rest_route=\/wp\/v2\/users\/1"}],"replies":[{"embeddable":true,"href":"http:\/\/airport.bialystok.pl\/index.php?rest_route=%2Fwp%2Fv2%2Fcomments&post=87"}],"version-history":[{"count":4,"href":"http:\/\/airport.bialystok.pl\/index.php?rest_route=\/wp\/v2\/pages\/87\/revisions"}],"predecessor-version":[{"id":155,"href":"http:\/\/airport.bialystok.pl\/index.php?rest_route=\/wp\/v2\/pages\/87\/revisions\/155"}],"wp:attachment":[{"href":"http:\/\/airport.bialystok.pl\/index.php?rest_route=%2Fwp%2Fv2%2Fmedia&parent=87"}],"curies":[{"name":"wp","href":"https:\/\/api.w.org\/{rel}","templated":true}]}}